{"id":1312,"date":"2019-08-25T17:39:45","date_gmt":"2019-08-25T17:39:45","guid":{"rendered":"\/fi\/?page_id=1312"},"modified":"2019-08-25T17:39:45","modified_gmt":"2019-08-25T17:39:45","slug":"aurinkosuojalamellit","status":"publish","type":"page","link":"https:\/\/www.aknakate.ee\/fi\/tuotteet\/ulkosalekaihtimet\/aurinkosuojalamellit\/","title":{"rendered":"Aurinkosuojalamellit"},"content":{"rendered":"<h1>Valitse itsellesi sopiva<\/h1>\n<table style=\"margin-bottom: 30px;margin-top: 0px\" width=\"100%\" border=\"0\">\n<tbody>\n<tr>\n<td><a style=\"font-size:100%\" href=\"\/fi\/tuotteet\/ulkosalekaihtimet\">Ulkos\u00e4lekaihtimet<\/a><\/td>\n<td><a style=\"font-size:100%\" href=\"\/fi\/tuotteet\/ulkosalekaihtimet\/ulkorullaverhot\">Ulkorullaverhot<\/a><\/td>\n<td><strong>Aurinkosuojalamellit<\/strong><\/td>\n<\/tr>\n<\/tbody>\n<\/table>\n<div id=\"featured\">\n<ul id=\"images-slider\">\n<li><img alt=\"Aurinkosuojalamellit\" src=\"\/wp-content\/uploads\/2019\/02\/1.jpg\" \/><\/li>\n<li><img alt=\"Aurinkosuojalamellit\" src=\"\/wp-content\/uploads\/2019\/02\/2.jpg\" \/><\/li>\n<li><img alt=\"Aurinkosuojalamellit\" src=\"\/wp-content\/uploads\/2019\/02\/3.jpg\" \/><\/li>\n<li><img alt=\"Aurinkosuojalamellit\" src=\"\/wp-content\/uploads\/2019\/02\/4.jpg\" \/><\/li>\n<li><img alt=\"Aurinkosuojalamellit\" src=\"\/wp-content\/uploads\/2019\/02\/5.jpg\" \/><\/li>\n<li><img alt=\"Aurinkosuojalamellit\" src=\"\/wp-content\/uploads\/2019\/02\/6.jpg\" \/><\/li>\n<li><img alt=\"Aurinkosuojalamellit\" src=\"\/wp-content\/uploads\/2019\/05\/8-valiribakardinad.jpg\" \/><\/li>\n<\/ul>\n<ul id=\"slider-cycle-nav\">\n<li><a id=\"cycle-prev\"><\/a><\/li>\n<li><a id=\"cycle-next\"><\/a><\/li>\n<\/ul>\n<\/div>\n<p><b>Aurinkosuojalamellit<\/b> on tarkoitettu suojaamaan auringolta ikkunan ulkopuolella. Juuri erilaiset ulkojulkisivun verhot ovat tehokkaimmat verhot suojaamaan auringolta ja kuumuudelta. Huoneeseen asennetuissa verhoissa l\u00e4mp\u00f6 j\u00e4\u00e4 verhon ja ikkunan v\u00e4liin, josta l\u00e4mp\u00f6 liikkuu huoneeseen, mutta ulkoverhojen etuna on se, ett\u00e4 ne sijaitsevat ulkona, mik\u00e4 puolestaan est\u00e4\u00e4 l\u00e4mp\u00f6\u00e4 p\u00e4\u00e4sem\u00e4st\u00e4 ikkunan kautta sis\u00e4\u00e4n.<\/p>\n<p>Lamellit on tarkoitettu asennettavaksi ikkunan yl\u00e4reunaan, jotta ne suojaisivat kes\u00e4ll\u00e4 korkealta paistavalta auringolta peitt\u00e4m\u00e4tt\u00e4 kuitenkaan koko ikkunaa. Koska kohteet ovat erilaisia, oikean profiilin ja korkeuden valinnassa tulee huomioida rakennuksen ja ikkunoiden sijainti ilmansuuntiin n\u00e4hden.<\/p>\n<p>Aurinkosuojalamellit on valmistettu korkealaatuisesta alumiinista \u2013 ne ovat kevyit\u00e4 eiv\u00e4tk\u00e4 tarvitse k\u00e4yt\u00e4nn\u00f6ss\u00e4 huoltoa.<\/p>\n<h1>PROFIILIVAIHTOEHDOT<\/h1>\n<div class=\"modelTypes\">\n<div class=\"outdoorBlind blindsSample\">\n      <a rel=\"prettyPhoto[mehhanismi_varvid]\" href=\"\/wp-content\/uploads\/2019\/03\/300-mootoriga.png\" title=\"300 mootoriga\"><img src=\"\/wp-content\/uploads\/2019\/03\/300-mootoriga-thumb.png\" class=\"box-img\" alt=\"300 mootoriga\"><\/a><span class=\"colorCode\">300 moottoroidut<\/span>\n    <\/div>\n<div class=\"outdoorBlind blindsSample\">\n      <a rel=\"prettyPhoto[mehhanismi_varvid]\" href=\"\/wp-content\/uploads\/2019\/03\/300-klambriga.png\" title=\"300 klambriga\"><img src=\"\/wp-content\/uploads\/2019\/03\/300-klambriga-thumb.png\" class=\"box-img\" alt=\"300 klambriga\"><\/a><span class=\"colorCode\">300 puristimilla<\/span>\n    <\/div>\n<div class=\"outdoorBlind blindsSample\">\n      <a rel=\"prettyPhoto[mehhanismi_varvid]\" href=\"\/wp-content\/uploads\/2019\/03\/400-klambriga.png\" title=\"400 klambriga\"><img src=\"\/wp-content\/uploads\/2019\/03\/400-klambriga-thumb.png\" class=\"box-img\" alt=\"400 klambriga\"><\/a><span class=\"colorCode\">400 puristimilla<\/span>\n    <\/div>\n<div class=\"outdoorBlind blindsSample\">\n      <a rel=\"prettyPhoto[mehhanismi_varvid]\" href=\"\/wp-content\/uploads\/2019\/03\/210-klambriga.png\" title=\"210 klambriga\"><img src=\"\/wp-content\/uploads\/2019\/03\/210-klambriga-thumb.png\" class=\"box-img\" alt=\"210 klambriga\"><\/a><span class=\"colorCode\">210 puristimilla<\/span>\n    <\/div>\n<div class=\"outdoorBlind blindsSample\">\n      <a rel=\"prettyPhoto[mehhanismi_varvid]\" href=\"\/wp-content\/uploads\/2019\/03\/210-mootoriga.png\" title=\"210 mootoriga\"><img src=\"\/wp-content\/uploads\/2019\/03\/210-mootoriga-thumb.png\" class=\"box-img\" alt=\"210 mootoriga\"><\/a><span class=\"colorCode\">210 puristimilla<\/span>\n    <\/div>\n<div class=\"outdoorBlind blindsSample\">\n      <a rel=\"prettyPhoto[mehhanismi_varvid]\" href=\"\/wp-content\/uploads\/2019\/03\/Clip.jpg\" title=\"Clip\"><img src=\"\/wp-content\/uploads\/2019\/03\/Clip-thumb.jpg\" class=\"box-img\" alt=\"Clip\"><\/a><span class=\"colorCode\">Clip<\/span>\n    <\/div>\n<\/p><\/div>\n<p><b> Pienimm\u00e4t<\/b> lamelli<b>profiilit<\/b> ovat 115 mm ja <b>suurimmat<\/b> 400 mm.<\/p>\n<p>Aurinkosuojalamelleja <b>asennetaan<\/b> s\u00e4\u00e4nkest\u00e4v\u00e4st\u00e4 alumiinista valmistettuun lamellipitimill\u00e4-klipsikiinnityksell\u00e4 varustettuun profiiliin.<\/p>\n<p><b>Ohjaaminen<\/b><\/p>\n<p>Useimpien klipseihin kiinnitettyjen aurinkosuojalamellien sijaintia voi tarvittaessa s\u00e4\u00e4t\u00e4\u00e4, mutta olemassa on my\u00f6s moottorimekanismeja, jotka mahdollistavat lamellien s\u00e4\u00e4t\u00e4misen auringon suuntaa vastaavasti. Lis\u00e4mahdollisuutena tarjoamme my\u00f6s aurinko-, tuuli- tai l\u00e4mp\u00f6tila-anturia, jotka kaikki voi yhdist\u00e4\u00e4 <a href=\"\/fi\/tuotteet\/moottoroidut-ratkaisut\/\" style=\"font-size:100%\">\u00c4lyk\u00e4s koti -j\u00e4rjestelm\u00e4\u00e4n<\/a>.<\/p>\n<p>Suurimman profiililamellin <b>enimm\u00e4ismitat<\/b> ovat ovat 4,5 m x 7 m (leveys x korkeus).<\/p>\n<h3>Mist\u00e4 aloittaa, jos haluat hintatarjouksen tai tilata julkisivuverhon?<\/h3>\n<ul style=\"margin-left:20px;margin-bottom:20px\">\n<li>L\u00e4het\u00e4 meille aukon mitat<\/li>\n<li>Kerro, mihin haluat asentaa verhon (aukon sis\u00e4\u00e4n vai p\u00e4\u00e4lle)<\/li>\n<li>Valitse tarpeita vastaava profiilin v\u00e4ri<\/li>\n<li>Jos et ole varma, miten kohteeseen voi asentaa aurinkosuojalamellin, lis\u00e4\u00e4 tiedusteluun kuva julkisivusta<\/li>\n<li>L\u00e4het\u00e4 tiedustelu\u00a0osoitteeseen\u00a0<a href=\"mailto:info@aknakate.ee\" style=\"font-size:100%\">info@aknakate.ee<\/a>\u00a0ja odota vastausta \ud83d\ude09<\/li>\n<\/ul>\n<h1>V\u00c4RIVALIKOIMA<\/h1>\n<p><b>Suurempaan profiili- ja s\u00e4vyvalikoimaan voi tutustua my\u00f6s liikkeess\u00e4mme, osoitteessa Kakum\u00e4e tee 37, Tallinna.<\/b><\/p>\n<p>HUOM! Mallien s\u00e4vyt voivat poiketa todellisesta s\u00e4vyst\u00e4 monitorisi resoluutiosta ja tietokoneesi n\u00e4yt\u00f6nohjaimen mahdollisuuksista riippuen!<\/p>\n<p>\n<div style=\"float: left; width: 100px; text-align:center; height: 140px;\" class=\"blindsSample\"><a class=\"hastip\" rel=\"prettyPhoto[ruloo_varvivalik]\" href=\"\/varvid\/valisfassaadikardinad\/paikesekaitse-lamellid\/db703-grafiit.png\" title=\" DB703 Grafiit\"><img width=\"80\" height=\"80\" src=\"\/varvid\/valisfassaadikardinad\/paikesekaitse-lamellid\/small\/db703-grafiit.png\" class=\"box-img\" style=\"opacity: 1;\" alt=\" DB703 Grafiit\"><\/a><span class=\"colorCode\"> DB703 Grafiit<\/span><\/div>\n\t\t\t<div style=\"float: left; width: 100px; text-align:center; height: 140px;\" class=\"blindsSample\"><a class=\"hastip\" rel=\"prettyPhoto[ruloo_varvivalik]\" href=\"\/varvid\/valisfassaadikardinad\/paikesekaitse-lamellid\/ral1013-helebeez.png\" title=\" RAL1013 Helebeez\u030c\"><img width=\"80\" height=\"80\" src=\"\/varvid\/valisfassaadikardinad\/paikesekaitse-lamellid\/small\/ral1013-helebeez.png\" class=\"box-img\" style=\"opacity: 1;\" alt=\" RAL1013 Helebeez\u030c\"><\/a><span class=\"colorCode\"> RAL1013 Helebeez\u030c<\/span><\/div>\n\t\t\t<div style=\"float: left; width: 100px; text-align:center; height: 140px;\" class=\"blindsSample\"><a class=\"hastip\" rel=\"prettyPhoto[ruloo_varvivalik]\" href=\"\/varvid\/valisfassaadikardinad\/paikesekaitse-lamellid\/ral7016-antratsiit.png\" title=\" RAL7016 Antratsiit\"><img width=\"80\" height=\"80\" src=\"\/varvid\/valisfassaadikardinad\/paikesekaitse-lamellid\/small\/ral7016-antratsiit.png\" class=\"box-img\" style=\"opacity: 1;\" alt=\" RAL7016 Antratsiit\"><\/a><span class=\"colorCode\"> RAL7016 Antratsiit<\/span><\/div>\n\t\t\t<div style=\"float: left; width: 100px; text-align:center; height: 140px;\" class=\"blindsSample\"><a class=\"hastip\" rel=\"prettyPhoto[ruloo_varvivalik]\" href=\"\/varvid\/valisfassaadikardinad\/paikesekaitse-lamellid\/ral7035-helehall.png\" title=\" RAL7035 Helehall\"><img width=\"80\" height=\"80\" src=\"\/varvid\/valisfassaadikardinad\/paikesekaitse-lamellid\/small\/ral7035-helehall.png\" class=\"box-img\" style=\"opacity: 1;\" alt=\" RAL7035 Helehall\"><\/a><span class=\"colorCode\"> RAL7035 Helehall<\/span><\/div>\n\t\t\t<div style=\"float: left; width: 100px; text-align:center; height: 140px;\" class=\"blindsSample\"><a class=\"hastip\" rel=\"prettyPhoto[ruloo_varvivalik]\" href=\"\/varvid\/valisfassaadikardinad\/paikesekaitse-lamellid\/ral8014-seepia-pruun.png\" title=\" RAL8014 Seepia pruun\"><img width=\"80\" height=\"80\" src=\"\/varvid\/valisfassaadikardinad\/paikesekaitse-lamellid\/small\/ral8014-seepia-pruun.png\" class=\"box-img\" style=\"opacity: 1;\" alt=\" RAL8014 Seepia pruun\"><\/a><span class=\"colorCode\"> RAL8014 Seepia pruun<\/span><\/div>\n\t\t\t<div style=\"float: left; width: 100px; text-align:center; height: 140px;\" class=\"blindsSample\"><a class=\"hastip\" rel=\"prettyPhoto[ruloo_varvivalik]\" href=\"\/varvid\/valisfassaadikardinad\/paikesekaitse-lamellid\/ral9005-must.png\" title=\" RAL9005 Must\"><img width=\"80\" height=\"80\" src=\"\/varvid\/valisfassaadikardinad\/paikesekaitse-lamellid\/small\/ral9005-must.png\" class=\"box-img\" style=\"opacity: 1;\" alt=\" RAL9005 Must\"><\/a><span class=\"colorCode\"> RAL9005 Must<\/span><\/div>\n\t\t\t<div style=\"float: left; width: 100px; text-align:center; height: 140px;\" class=\"blindsSample\"><a class=\"hastip\" rel=\"prettyPhoto[ruloo_varvivalik]\" href=\"\/varvid\/valisfassaadikardinad\/paikesekaitse-lamellid\/ral9006-valge-alumiinium.png\" title=\" RAL9006 Valge alumiinium\"><img width=\"80\" height=\"80\" src=\"\/varvid\/valisfassaadikardinad\/paikesekaitse-lamellid\/small\/ral9006-valge-alumiinium.png\" class=\"box-img\" style=\"opacity: 1;\" alt=\" RAL9006 Valge alumiinium\"><\/a><span class=\"colorCode\"> RAL9006 Valge alumiinium<\/span><\/div>\n\t\t\t<div style=\"float: left; width: 100px; text-align:center; height: 140px;\" class=\"blindsSample\"><a class=\"hastip\" rel=\"prettyPhoto[ruloo_varvivalik]\" href=\"\/varvid\/valisfassaadikardinad\/paikesekaitse-lamellid\/ral9007-hall-alumiinium.jpg\" title=\" RAL9007 Hall alumiinium\"><img width=\"80\" height=\"80\" src=\"\/varvid\/valisfassaadikardinad\/paikesekaitse-lamellid\/small\/ral9007-hall-alumiinium.jpg\" class=\"box-img\" style=\"opacity: 1;\" alt=\" RAL9007 Hall alumiinium\"><\/a><span class=\"colorCode\"> RAL9007 Hall alumiinium<\/span><\/div>\n\t\t\t<div style=\"float: left; width: 100px; text-align:center; height: 140px;\" class=\"blindsSample\"><a class=\"hastip\" rel=\"prettyPhoto[ruloo_varvivalik]\" href=\"\/varvid\/valisfassaadikardinad\/paikesekaitse-lamellid\/ral9010-valge-.png\" title=\" RAL9010 Valge \"><img width=\"80\" height=\"80\" src=\"\/varvid\/valisfassaadikardinad\/paikesekaitse-lamellid\/small\/ral9010-valge-.png\" class=\"box-img\" style=\"opacity: 1;\" alt=\" RAL9010 Valge \"><\/a><span class=\"colorCode\"> RAL9010 Valge <\/span><\/div>\n\t\t\t<div style=\"float: left; width: 100px; text-align:center; height: 140px;\" class=\"blindsSample\"><a class=\"hastip\" rel=\"prettyPhoto[ruloo_varvivalik]\" href=\"\/varvid\/valisfassaadikardinad\/paikesekaitse-lamellid\/ral9016-valge-traffic.png\" title=\" RAL9016 Valge (traffic)\"><img width=\"80\" height=\"80\" src=\"\/varvid\/valisfassaadikardinad\/paikesekaitse-lamellid\/small\/ral9016-valge-traffic.png\" class=\"box-img\" style=\"opacity: 1;\" alt=\" RAL9016 Valge (traffic)\"><\/a><span class=\"colorCode\"> RAL9016 Valge (traffic)<\/span><\/div>\n\t\t\t<div style=\"float: left; width: 100px; text-align:center; height: 140px;\" class=\"blindsSample\"><a class=\"hastip\" rel=\"prettyPhoto[ruloo_varvivalik]\" href=\"\/varvid\/valisfassaadikardinad\/paikesekaitse-lamellid\/ral3004-purpur-punane.png\" title=\" Ral3004 Purpur punane\"><img width=\"80\" height=\"80\" src=\"\/varvid\/valisfassaadikardinad\/paikesekaitse-lamellid\/small\/ral3004-purpur-punane.png\" class=\"box-img\" style=\"opacity: 1;\" alt=\" Ral3004 Purpur punane\"><\/a><span class=\"colorCode\"> Ral3004 Purpur punane<\/span><\/div>\n\t\t\t<div style=\"float: left; width: 100px; text-align:center; height: 140px;\" class=\"blindsSample\"><a class=\"hastip\" rel=\"prettyPhoto[ruloo_varvivalik]\" href=\"\/varvid\/valisfassaadikardinad\/paikesekaitse-lamellid\/vsr240-beez.png\" title=\" VSR240 Beez\u030c\"><img width=\"80\" height=\"80\" src=\"\/varvid\/valisfassaadikardinad\/paikesekaitse-lamellid\/small\/vsr240-beez.png\" class=\"box-img\" style=\"opacity: 1;\" alt=\" VSR240 Beez\u030c\"><\/a><span class=\"colorCode\"> VSR240 Beez\u030c<\/span><\/div>\n\t\t\t<div style=\"float: left; width: 100px; text-align:center; height: 140px;\" class=\"blindsSample\"><a class=\"hastip\" rel=\"prettyPhoto[ruloo_varvivalik]\" href=\"\/varvid\/valisfassaadikardinad\/paikesekaitse-lamellid\/vsr780-pruun.jpg\" title=\" VSR780 Pruun\"><img width=\"80\" height=\"80\" src=\"\/varvid\/valisfassaadikardinad\/paikesekaitse-lamellid\/small\/vsr780-pruun.jpg\" class=\"box-img\" style=\"opacity: 1;\" alt=\" VSR780 Pruun\"><\/a><span class=\"colorCode\"> VSR780 Pruun<\/span><\/div>\n\t\t\t<\/p>\n","protected":false},"excerpt":{"rendered":"<p>Valitse itsellesi sopiva Ulkos\u00e4lekaihtimet Ulkorullaverhot Aurinkosuojalamellit Aurinkosuojalamellit on tarkoitettu suojaamaan auringolta ikkunan ulkopuolella. Juuri erilaiset ulkojulkisivun verhot ovat tehokkaimmat verhot suojaamaan auringolta ja kuumuudelta. Huoneeseen asennetuissa verhoissa l\u00e4mp\u00f6 j\u00e4\u00e4 verhon ja ikkunan v\u00e4liin, josta l\u00e4mp\u00f6 liikkuu huoneeseen, mutta ulkoverhojen etuna on se, ett\u00e4 ne sijaitsevat ulkona, mik\u00e4 puolestaan est\u00e4\u00e4 l\u00e4mp\u00f6\u00e4 p\u00e4\u00e4sem\u00e4st\u00e4 ikkunan kautta sis\u00e4\u00e4n. Lamellit [&hellip;]<\/p>\n","protected":false},"author":1,"featured_media":0,"parent":1306,"menu_order":0,"comment_status":"closed","ping_status":"open","template":"","meta":[],"_links":{"self":[{"href":"https:\/\/www.aknakate.ee\/fi\/wp-json\/wp\/v2\/pages\/1312"}],"collection":[{"href":"https:\/\/www.aknakate.ee\/fi\/wp-json\/wp\/v2\/pages"}],"about":[{"href":"https:\/\/www.aknakate.ee\/fi\/wp-json\/wp\/v2\/types\/page"}],"author":[{"embeddable":true,"href":"https:\/\/www.aknakate.ee\/fi\/wp-json\/wp\/v2\/users\/1"}],"replies":[{"embeddable":true,"href":"https:\/\/www.aknakate.ee\/fi\/wp-json\/wp\/v2\/comments?post=1312"}],"version-history":[{"count":0,"href":"https:\/\/www.aknakate.ee\/fi\/wp-json\/wp\/v2\/pages\/1312\/revisions"}],"up":[{"embeddable":true,"href":"https:\/\/www.aknakate.ee\/fi\/wp-json\/wp\/v2\/pages\/1306"}],"wp:attachment":[{"href":"https:\/\/www.aknakate.ee\/fi\/wp-json\/wp\/v2\/media?parent=1312"}],"curies":[{"name":"wp","href":"https:\/\/api.w.org\/{rel}","templated":true}]}}